{"id":9034,"date":"2022-02-23T20:15:07","date_gmt":"2022-02-23T20:15:07","guid":{"rendered":"https:\/\/radamesgnattali.com.br\/musica-em-cena\/1953-os-tres-recrutas\/"},"modified":"2022-02-23T20:15:07","modified_gmt":"2022-02-23T20:15:07","slug":"1953-os-tres-recrutas","status":"publish","type":"musica-em-cena","link":"https:\/\/radamesgnattali.com.br\/en\/musica-em-cena\/1953-os-tres-recrutas\/","title":{"rendered":"1953. OS TR\u00caS RECRUTAS"},"content":{"rendered":"<p>Genre: comedy<br \/>\nScript: J. B. Tanko<br \/>\nDirection: Eurides Ramos<br \/>\nProduction: Al\u00edpio Ramos \/ Atl\u00e2ntida S.A. \/ Cinel\u00e2ndia Filmes<br \/>\nMusic: Radam\u00e9s Gnattali<br \/>\nInterpreters: Nora Ney, Carolina Cardoso de Menezes, Trig\u00eameos Vocalistas, Cantores do C\u00e9u<\/p>\n<p>Cast: Ankito, Col\u00e9, Jos\u00e9 Lewgoy, Dary Reis, Mirian Teresa, Consuelo Leandro, Berta Rosanova, among others<\/p>\n","protected":false},"featured_media":0,"template":"","cat-musica-cena":[962],"class_list":["post-9034","musica-em-cena","type-musica-em-cena","status-publish","hentry","cat-musica-cena-cinema-en"],"yoast_head":"<!-- This site is optimized with the Yoast SEO plugin v27.2 - https:\/\/yoast.com\/product\/yoast-seo-wordpress\/ -->\n<title>1953. OS TR\u00caS RECRUTAS - Radam\u00e9s Gnattali<\/title>\n<meta name=\"robots\" content=\"index, follow, max-snippet:-1, max-image-preview:large, max-video-preview:-1\" \/>\n<link rel=\"canonical\" href=\"https:\/\/radamesgnattali.com.br\/en\/musica-em-cena\/1953-os-tres-recrutas\/\" \/>\n<meta property=\"og:locale\" content=\"en_US\" \/>\n<meta property=\"og:type\" content=\"article\" \/>\n<meta property=\"og:title\" content=\"1953. OS TR\u00caS RECRUTAS - Radam\u00e9s Gnattali\" \/>\n<meta property=\"og:description\" content=\"Genre: comedy Script: J. B. Tanko Direction: Eurides Ramos Production: Al\u00edpio Ramos \/ Atl\u00e2ntida S.A. \/ Cinel\u00e2ndia Filmes Music: Radam\u00e9s Gnattali Interpreters: Nora Ney, Carolina Cardoso de Menezes, Trig\u00eameos Vocalistas, Cantores do C\u00e9u Cast: Ankito, Col\u00e9, Jos\u00e9 Lewgoy, Dary Reis, Mirian Teresa, Consuelo Leandro, Berta Rosanova, among others\" \/>\n<meta property=\"og:url\" content=\"https:\/\/radamesgnattali.com.br\/en\/musica-em-cena\/1953-os-tres-recrutas\/\" \/>\n<meta property=\"og:site_name\" content=\"Radam\u00e9s Gnattali\" \/>\n<meta name=\"twitter:card\" content=\"summary_large_image\" \/>\n<script type=\"application\/ld+json\" class=\"yoast-schema-graph\">{\"@context\":\"https:\/\/schema.org\",\"@graph\":[{\"@type\":\"WebPage\",\"@id\":\"https:\/\/radamesgnattali.com.br\/en\/musica-em-cena\/1953-os-tres-recrutas\/\",\"url\":\"https:\/\/radamesgnattali.com.br\/en\/musica-em-cena\/1953-os-tres-recrutas\/\",\"name\":\"1953. OS TR\u00caS RECRUTAS - Radam\u00e9s Gnattali\",\"isPartOf\":{\"@id\":\"https:\/\/radamesgnattali.com.br\/#website\"},\"datePublished\":\"2022-02-23T20:15:07+00:00\",\"breadcrumb\":{\"@id\":\"https:\/\/radamesgnattali.com.br\/en\/musica-em-cena\/1953-os-tres-recrutas\/#breadcrumb\"},\"inLanguage\":\"en-US\",\"potentialAction\":[{\"@type\":\"ReadAction\",\"target\":[\"https:\/\/radamesgnattali.com.br\/en\/musica-em-cena\/1953-os-tres-recrutas\/\"]}]},{\"@type\":\"BreadcrumbList\",\"@id\":\"https:\/\/radamesgnattali.com.br\/en\/musica-em-cena\/1953-os-tres-recrutas\/#breadcrumb\",\"itemListElement\":[{\"@type\":\"ListItem\",\"position\":1,\"name\":\"In\u00edcio\",\"item\":\"https:\/\/radamesgnattali.com.br\/en\/\"},{\"@type\":\"ListItem\",\"position\":2,\"name\":\"M\u00fasica em cena\",\"item\":\"https:\/\/radamesgnattali.com.br\/musica-em-cena\/\"},{\"@type\":\"ListItem\",\"position\":3,\"name\":\"1953. OS TR\u00caS RECRUTAS\"}]},{\"@type\":\"WebSite\",\"@id\":\"https:\/\/radamesgnattali.com.br\/#website\",\"url\":\"https:\/\/radamesgnattali.com.br\/\",\"name\":\"Radam\u00e9s Gnattali\",\"description\":\"\",\"potentialAction\":[{\"@type\":\"SearchAction\",\"target\":{\"@type\":\"EntryPoint\",\"urlTemplate\":\"https:\/\/radamesgnattali.com.br\/?s={search_term_string}\"},\"query-input\":{\"@type\":\"PropertyValueSpecification\",\"valueRequired\":true,\"valueName\":\"search_term_string\"}}],\"inLanguage\":\"en-US\"}]}<\/script>\n<!-- \/ Yoast SEO plugin. -->","yoast_head_json":{"title":"1953. OS TR\u00caS RECRUTAS - Radam\u00e9s Gnattali","robots":{"index":"index","follow":"follow","max-snippet":"max-snippet:-1","max-image-preview":"max-image-preview:large","max-video-preview":"max-video-preview:-1"},"canonical":"https:\/\/radamesgnattali.com.br\/en\/musica-em-cena\/1953-os-tres-recrutas\/","og_locale":"en_US","og_type":"article","og_title":"1953. OS TR\u00caS RECRUTAS - Radam\u00e9s Gnattali","og_description":"Genre: comedy Script: J. B. Tanko Direction: Eurides Ramos Production: Al\u00edpio Ramos \/ Atl\u00e2ntida S.A. \/ Cinel\u00e2ndia Filmes Music: Radam\u00e9s Gnattali Interpreters: Nora Ney, Carolina Cardoso de Menezes, Trig\u00eameos Vocalistas, Cantores do C\u00e9u Cast: Ankito, Col\u00e9, Jos\u00e9 Lewgoy, Dary Reis, Mirian Teresa, Consuelo Leandro, Berta Rosanova, among others","og_url":"https:\/\/radamesgnattali.com.br\/en\/musica-em-cena\/1953-os-tres-recrutas\/","og_site_name":"Radam\u00e9s Gnattali","twitter_card":"summary_large_image","schema":{"@context":"https:\/\/schema.org","@graph":[{"@type":"WebPage","@id":"https:\/\/radamesgnattali.com.br\/en\/musica-em-cena\/1953-os-tres-recrutas\/","url":"https:\/\/radamesgnattali.com.br\/en\/musica-em-cena\/1953-os-tres-recrutas\/","name":"1953. OS TR\u00caS RECRUTAS - Radam\u00e9s Gnattali","isPartOf":{"@id":"https:\/\/radamesgnattali.com.br\/#website"},"datePublished":"2022-02-23T20:15:07+00:00","breadcrumb":{"@id":"https:\/\/radamesgnattali.com.br\/en\/musica-em-cena\/1953-os-tres-recrutas\/#breadcrumb"},"inLanguage":"en-US","potentialAction":[{"@type":"ReadAction","target":["https:\/\/radamesgnattali.com.br\/en\/musica-em-cena\/1953-os-tres-recrutas\/"]}]},{"@type":"BreadcrumbList","@id":"https:\/\/radamesgnattali.com.br\/en\/musica-em-cena\/1953-os-tres-recrutas\/#breadcrumb","itemListElement":[{"@type":"ListItem","position":1,"name":"In\u00edcio","item":"https:\/\/radamesgnattali.com.br\/en\/"},{"@type":"ListItem","position":2,"name":"M\u00fasica em cena","item":"https:\/\/radamesgnattali.com.br\/musica-em-cena\/"},{"@type":"ListItem","position":3,"name":"1953. OS TR\u00caS RECRUTAS"}]},{"@type":"WebSite","@id":"https:\/\/radamesgnattali.com.br\/#website","url":"https:\/\/radamesgnattali.com.br\/","name":"Radam\u00e9s Gnattali","description":"","potentialAction":[{"@type":"SearchAction","target":{"@type":"EntryPoint","urlTemplate":"https:\/\/radamesgnattali.com.br\/?s={search_term_string}"},"query-input":{"@type":"PropertyValueSpecification","valueRequired":true,"valueName":"search_term_string"}}],"inLanguage":"en-US"}]}},"_links":{"self":[{"href":"https:\/\/radamesgnattali.com.br\/en\/wp-json\/wp\/v2\/musica-em-cena\/9034","targetHints":{"allow":["GET"]}}],"collection":[{"href":"https:\/\/radamesgnattali.com.br\/en\/wp-json\/wp\/v2\/musica-em-cena"}],"about":[{"href":"https:\/\/radamesgnattali.com.br\/en\/wp-json\/wp\/v2\/types\/musica-em-cena"}],"wp:attachment":[{"href":"https:\/\/radamesgnattali.com.br\/en\/wp-json\/wp\/v2\/media?parent=9034"}],"wp:term":[{"taxonomy":"cat-musica-cena","embeddable":true,"href":"https:\/\/radamesgnattali.com.br\/en\/wp-json\/wp\/v2\/cat-musica-cena?post=9034"}],"curies":[{"name":"wp","href":"https:\/\/api.w.org\/{rel}","templated":true}]}}