{"id":9096,"date":"2022-04-05T20:15:51","date_gmt":"2022-04-05T20:15:51","guid":{"rendered":"https:\/\/radamesgnattali.com.br\/linha-do-tempo-radam\/1976\/"},"modified":"2022-10-26T19:43:42","modified_gmt":"2022-10-26T19:43:42","slug":"ano-1976","status":"publish","type":"linha-do-tempo-radam","link":"https:\/\/radamesgnattali.com.br\/en\/linha-do-tempo-radam\/ano-1976\/","title":{"rendered":"1976"},"content":{"rendered":"<ul>\n<li><strong><strong>On January 27, Radam\u00e9s Gnattali turns 70 years old<\/strong><\/strong><\/li>\n<li>On April 29, in honor of Radam\u00e9s Gnattali&#8217;s 70th birthday, his <strong><em>Concerto for two guitars, oboe and string orchestra<\/em><\/strong><em>  (1970)<\/em>interpreted by <em>Duo Assad<\/em>, for the one who dedicated, with <em>Orquestra Sinf\u00f4nica Brasileir<\/em>a, sob a reg\u00eancia de Roberto Schnorrenberg.<\/li>\n<\/ul>\n<p>&nbsp;<\/p>\n<figure id=\"attachment_9188\" class=\"wp-caption aligncenter\" style=\"width: 206px;\" aria-describedby=\"caption-attachment-9188\"><figcaption id=\"caption-attachment-9188\" class=\"wp-caption-text\"><a href=\"https:\/\/radamesgnattali.com.br\/wp-content\/uploads\/2022\/03\/134.jpg\"><img fetchpriority=\"high\" decoding=\"async\" class=\"aligncenter wp-image-7030 size-medium\" src=\"https:\/\/radamesgnattali.com.br\/wp-content\/uploads\/2022\/03\/134-175x300.jpg\" alt=\"\" width=\"175\" height=\"300\" srcset=\"https:\/\/radamesgnattali.com.br\/wp-content\/uploads\/2022\/03\/134-175x300.jpg 175w, https:\/\/radamesgnattali.com.br\/wp-content\/uploads\/2022\/03\/134-598x1024.jpg 598w, https:\/\/radamesgnattali.com.br\/wp-content\/uploads\/2022\/03\/134.jpg 700w\" sizes=\"(max-width: 175px) 100vw, 175px\" \/><\/a><strong><strong><a href=\"http:\/\/memoria.bn.br\/DocReader\/030015_09\/151932?pesq=%22Radam%C3%A9s%20Gnattali%22\" target=\"_blank\" rel=\"noopener noreferrer\"><em>Jornal do Brasil (RJ), 01\/12\/1976.<\/em><\/a><\/strong><\/strong><\/figcaption><\/figure>\n<ul>\n<li>On May 17, at the Federal University of Rio Grande de Sul, the <strong><em>Festival Gnattali<\/em><\/strong>, with the participation of <em>Orquestra Sinf\u00f4nica de Porto Alegre<\/em> interpreting, from Radames, the <strong><em>Sinfonia popular n\u00ba 1<\/em><\/strong><em> (1956)<\/em> e, em primeira audi\u00e7\u00e3o, a <strong><em>Sinfonia popular n\u00ba 2<\/em><\/strong><em>(1969\/75), <\/em>dedicada \u00e0 OSPA, com reg\u00eancia do autor; e o <strong><em>Concerto rom\u00e2ntico para piano e orquestra <\/em><\/strong><em>(1949<\/em>), com reg\u00eancia do maestro Salvador Campanella, tendo Radam\u00e9s como solista.<\/li>\n<\/ul>\n<figure id=\"attachment_9200\" class=\"wp-caption aligncenter\" style=\"width: 274px;\" aria-describedby=\"caption-attachment-9200\"><figcaption id=\"caption-attachment-9200\" class=\"wp-caption-text\"><a href=\"https:\/\/radamesgnattali.com.br\/wp-content\/uploads\/2022\/03\/136.jpg\"><img decoding=\"async\" class=\"aligncenter wp-image-7019 size-medium\" src=\"https:\/\/radamesgnattali.com.br\/wp-content\/uploads\/2022\/03\/136-217x300.jpg\" alt=\"\" width=\"217\" height=\"300\" srcset=\"https:\/\/radamesgnattali.com.br\/wp-content\/uploads\/2022\/03\/136-217x300.jpg 217w, https:\/\/radamesgnattali.com.br\/wp-content\/uploads\/2022\/03\/136-740x1024.jpg 740w, https:\/\/radamesgnattali.com.br\/wp-content\/uploads\/2022\/03\/136-768x1062.jpg 768w, https:\/\/radamesgnattali.com.br\/wp-content\/uploads\/2022\/03\/136.jpg 1000w\" sizes=\"(max-width: 217px) 100vw, 217px\" \/><\/a><em>Folha da Manh\u00e3 (RS), 19\/05\/1976. <\/em><\/p>\n<\/figcaption><\/figure>\n<p>&nbsp;<\/p>\n<ul>\n<li><strong>Radam\u00e9s composes:<\/strong>\n<ul>\n<li><strong><em>Fun for violin, viola and cello<\/em><\/strong><\/li>\n<li><em><strong>Nau Cararineta, para coro misto e piano<\/strong><\/em> , with lyrics by Dom\u00edcio Augusto \u2013 dedicated to the <em>Coral da Universidade Gama Filho.<\/em><\/li>\n<\/ul>\n<\/li>\n<\/ul>\n<ul>\n<li>On June 13, at Sala Cec\u00edlia Meireles, Rio de Janeiro, the first world audition of the <strong><em>Concerto n\u00ba 4 para piano e orquestra<\/em><\/strong><em> (1966)<\/em>, by Radam\u00e9s Gnattali, with the National Symphony Orchestra, conducted by Roberto Ricardo Duarte, with the author as soloist.<\/li>\n<li>On July 9, still within the festivities of its 70 years, the first world audition of the <strong><em>Concerto para violino, viola, violoncelo e piano com orquestra de sopros<\/em><\/strong><em>  (1971)<\/em>by Radam\u00e9s, dedicated to the Guanabara Quartet <strong>[1],<\/strong> who performs it with the S\u00e3o Paulo Municipal Theater Symphony Orchestra, conducted by Henrique Morelembaum.<\/li>\n<li>On July 27, the Orquestra do Teatro Municipal do Rio de Janeiro presents, at Sala Cec\u00edlia Meireles, for the first time in Rio de Janeiro, the <strong><em>Concerto para violino, viola, violoncelo e piano com orquestra de sopros<\/em><\/strong><em>  (1971)<\/em>by Radam\u00e9s Gnattali, dedicated to the Guanabara Quartet, which performs it under conductor Henrique Morelembaum.<\/li>\n<\/ul>\n<p>&nbsp;<\/p>\n<p><a href=\"https:\/\/radamesgnattali.com.br\/wp-content\/uploads\/2022\/03\/137.jpg\"><img decoding=\"async\" class=\"aligncenter wp-image-7264 size-medium\" src=\"https:\/\/radamesgnattali.com.br\/wp-content\/uploads\/2022\/03\/137-217x300.jpg\" alt=\"\" width=\"217\" height=\"300\" srcset=\"https:\/\/radamesgnattali.com.br\/wp-content\/uploads\/2022\/03\/137-217x300.jpg 217w, https:\/\/radamesgnattali.com.br\/wp-content\/uploads\/2022\/03\/137.jpg 723w\" sizes=\"(max-width: 217px) 100vw, 217px\" \/><\/a><\/p>\n<p><a href=\"https:\/\/radamesgnattali.com.br\/wp-content\/uploads\/2022\/03\/138.jpg\"><img loading=\"lazy\" decoding=\"async\" class=\"aligncenter wp-image-7263 size-medium\" src=\"https:\/\/radamesgnattali.com.br\/wp-content\/uploads\/2022\/03\/138-231x300.jpg\" alt=\"\" width=\"231\" height=\"300\" srcset=\"https:\/\/radamesgnattali.com.br\/wp-content\/uploads\/2022\/03\/138-231x300.jpg 231w, https:\/\/radamesgnattali.com.br\/wp-content\/uploads\/2022\/03\/138-787x1024.jpg 787w, https:\/\/radamesgnattali.com.br\/wp-content\/uploads\/2022\/03\/138-768x1000.jpg 768w, https:\/\/radamesgnattali.com.br\/wp-content\/uploads\/2022\/03\/138.jpg 922w\" sizes=\"(max-width: 231px) 100vw, 231px\" \/><\/a><\/p>\n<figure id=\"attachment_9048\" class=\"wp-caption aligncenter\" style=\"width: 166px;\" aria-describedby=\"caption-attachment-9048\"><figcaption id=\"caption-attachment-9048\" class=\"wp-caption-text\">\n<figure id=\"attachment_7020\" aria-describedby=\"caption-attachment-7020\" style=\"width: 174px\" class=\"wp-caption alignnone\"><a href=\"https:\/\/radamesgnattali.com.br\/wp-content\/uploads\/2022\/03\/045.jpg\"><img loading=\"lazy\" decoding=\"async\" class=\"wp-image-7020 size-medium\" src=\"https:\/\/radamesgnattali.com.br\/wp-content\/uploads\/2022\/03\/045-174x300.jpg\" alt=\"\" width=\"174\" height=\"300\" srcset=\"https:\/\/radamesgnattali.com.br\/wp-content\/uploads\/2022\/03\/045-174x300.jpg 174w, https:\/\/radamesgnattali.com.br\/wp-content\/uploads\/2022\/03\/045-593x1024.jpg 593w, https:\/\/radamesgnattali.com.br\/wp-content\/uploads\/2022\/03\/045-768x1326.jpg 768w, https:\/\/radamesgnattali.com.br\/wp-content\/uploads\/2022\/03\/045.jpg 800w\" sizes=\"(max-width: 174px) 100vw, 174px\" \/><\/a><figcaption id=\"caption-attachment-7020\" class=\"wp-caption-text\">Jornal do Brasil (RJ) &gt; &#8216;A sublime express\u00e3o do terror&#8217;. By Edino Krieger<\/figcaption><\/figure>\n<p>Jornal do Brasil (RJ) &gt; <em>Cr\u00edtica<\/em> &gt; por Edino Krieger.<\/p>\n<\/figcaption><\/figure>\n<ul>\n<li>Radam\u00e9s \u00e9 homenageado pela Rede Globo com a grava\u00e7\u00e3o da sua cantata umbandista<em><strong>Maria Jesus dos Anjos<\/strong><\/em><strong><em>para coro, orquestra e narrador<\/em>,<\/strong> com texto de Boror\u00f3 (Alberto de Castro Simoens da Silva), baseado em pontos de umbanda. On the other side of the elep\u00ea, the Sextet Radam\u00e9s Gnattali <strong>[2]<\/strong> records the <strong><em>Sonatina coreogr\u00e1fica (quatro movimentos dan\u00e7antes)<\/em><\/strong>, a valsa <strong><em>Caminho da Saudade<\/em><\/strong> e o choro <strong><em>Bate-papo<\/em><\/strong>. The artistic production is by Jo\u00e3o Carlos Botezelli (Pel\u00e3o)<\/li>\n<\/ul>\n<figure id=\"attachment_7397\" aria-describedby=\"caption-attachment-7397\" style=\"width: 300px\" class=\"wp-caption aligncenter\"><a href=\"https:\/\/radamesgnattali.com.br\/wp-content\/uploads\/2022\/03\/Img55.jpg\"><img loading=\"lazy\" decoding=\"async\" class=\"wp-image-7397 size-medium\" src=\"https:\/\/radamesgnattali.com.br\/wp-content\/uploads\/2022\/03\/Img55-300x230.jpg\" alt=\"\" width=\"300\" height=\"230\" srcset=\"https:\/\/radamesgnattali.com.br\/wp-content\/uploads\/2022\/03\/Img55-300x230.jpg 300w, https:\/\/radamesgnattali.com.br\/wp-content\/uploads\/2022\/03\/Img55-768x589.jpg 768w, https:\/\/radamesgnattali.com.br\/wp-content\/uploads\/2022\/03\/Img55.jpg 1000w\" sizes=\"(max-width: 300px) 100vw, 300px\" \/><\/a><figcaption id=\"caption-attachment-7397\" class=\"wp-caption-text\"><span style=\"text-align: center; font-size: 16px;\">Radam\u00e9s and Boror\u00f3 visiting the Umbanda center of Pai Jer\u00f4nimo, in Rio de Janeiro, where they collected points for the creation of the cantata<\/span> <em style=\"text-align: center; font-size: 16px;\">Maria Jesus dos Anjos<\/em><span style=\"text-align: center; font-size: 16px;\">.<\/span><\/figcaption><\/figure>\n<p>&nbsp;<\/p>\n<ul>\n<li>Radam\u00e9s receives, in Rio de Janeiro, the <strong>pr\u00eamio <em>Golfinho de Ouro<\/em><\/strong>, granted by the Council of the Museum of Image and Sound.<\/li>\n<\/ul>\n","protected":false},"template":"","anos-da-linha-do-tempo":[968],"class_list":["post-9096","linha-do-tempo-radam","type-linha-do-tempo-radam","status-publish","hentry","anos-da-linha-do-tempo-1976-en"],"yoast_head":"<!-- This site is optimized with the Yoast SEO plugin v27.2 - https:\/\/yoast.com\/product\/yoast-seo-wordpress\/ -->\n<title>1976 - Radam\u00e9s Gnattali<\/title>\n<meta name=\"robots\" content=\"index, follow, max-snippet:-1, max-image-preview:large, max-video-preview:-1\" \/>\n<link rel=\"canonical\" href=\"https:\/\/radamesgnattali.com.br\/en\/linha-do-tempo-radam\/ano-1976\/\" \/>\n<meta property=\"og:locale\" content=\"en_US\" \/>\n<meta property=\"og:type\" content=\"article\" \/>\n<meta property=\"og:title\" content=\"1976 - Radam\u00e9s Gnattali\" \/>\n<meta property=\"og:description\" content=\"On January 27, Radam\u00e9s Gnattali turns 70 years old On April 29, in honor of Radam\u00e9s Gnattali&#8217;s 70th birthday, his Concerto for two guitars, oboe and string orchestra (1970)interpreted by Duo Assad, for the one who dedicated, with Orquestra Sinf\u00f4nica Brasileira, sob a reg\u00eancia de Roberto Schnorrenberg. &nbsp; Jornal do Brasil (RJ), 01\/12\/1976. On May [&hellip;]\" \/>\n<meta property=\"og:url\" content=\"https:\/\/radamesgnattali.com.br\/en\/linha-do-tempo-radam\/ano-1976\/\" \/>\n<meta property=\"og:site_name\" content=\"Radam\u00e9s Gnattali\" \/>\n<meta property=\"article:modified_time\" content=\"2022-10-26T19:43:42+00:00\" \/>\n<meta property=\"og:image\" content=\"https:\/\/radamesgnattali.com.br\/wp-content\/uploads\/2022\/03\/134-175x300.jpg\" \/>\n<meta name=\"twitter:card\" content=\"summary_large_image\" \/>\n<meta name=\"twitter:label1\" content=\"Est. reading time\" \/>\n\t<meta name=\"twitter:data1\" content=\"2 minutes\" \/>\n<script type=\"application\/ld+json\" class=\"yoast-schema-graph\">{\"@context\":\"https:\/\/schema.org\",\"@graph\":[{\"@type\":\"WebPage\",\"@id\":\"https:\/\/radamesgnattali.com.br\/en\/linha-do-tempo-radam\/ano-1976\/\",\"url\":\"https:\/\/radamesgnattali.com.br\/en\/linha-do-tempo-radam\/ano-1976\/\",\"name\":\"1976 - Radam\u00e9s Gnattali\",\"isPartOf\":{\"@id\":\"https:\/\/radamesgnattali.com.br\/#website\"},\"primaryImageOfPage\":{\"@id\":\"https:\/\/radamesgnattali.com.br\/en\/linha-do-tempo-radam\/ano-1976\/#primaryimage\"},\"image\":{\"@id\":\"https:\/\/radamesgnattali.com.br\/en\/linha-do-tempo-radam\/ano-1976\/#primaryimage\"},\"thumbnailUrl\":\"https:\/\/radamesgnattali.com.br\/wp-content\/uploads\/2022\/03\/134-175x300.jpg\",\"datePublished\":\"2022-04-05T20:15:51+00:00\",\"dateModified\":\"2022-10-26T19:43:42+00:00\",\"breadcrumb\":{\"@id\":\"https:\/\/radamesgnattali.com.br\/en\/linha-do-tempo-radam\/ano-1976\/#breadcrumb\"},\"inLanguage\":\"en-US\",\"potentialAction\":[{\"@type\":\"ReadAction\",\"target\":[\"https:\/\/radamesgnattali.com.br\/en\/linha-do-tempo-radam\/ano-1976\/\"]}]},{\"@type\":\"ImageObject\",\"inLanguage\":\"en-US\",\"@id\":\"https:\/\/radamesgnattali.com.br\/en\/linha-do-tempo-radam\/ano-1976\/#primaryimage\",\"url\":\"https:\/\/radamesgnattali.com.br\/wp-content\/uploads\/2022\/03\/134-175x300.jpg\",\"contentUrl\":\"https:\/\/radamesgnattali.com.br\/wp-content\/uploads\/2022\/03\/134-175x300.jpg\"},{\"@type\":\"BreadcrumbList\",\"@id\":\"https:\/\/radamesgnattali.com.br\/en\/linha-do-tempo-radam\/ano-1976\/#breadcrumb\",\"itemListElement\":[{\"@type\":\"ListItem\",\"position\":1,\"name\":\"In\u00edcio\",\"item\":\"https:\/\/radamesgnattali.com.br\/en\/\"},{\"@type\":\"ListItem\",\"position\":2,\"name\":\"Linha do tempo radam\u00e9s\",\"item\":\"https:\/\/radamesgnattali.com.br\/en\/linha-do-tempo-radam\/\"},{\"@type\":\"ListItem\",\"position\":3,\"name\":\"1976\"}]},{\"@type\":\"WebSite\",\"@id\":\"https:\/\/radamesgnattali.com.br\/#website\",\"url\":\"https:\/\/radamesgnattali.com.br\/\",\"name\":\"Radam\u00e9s Gnattali\",\"description\":\"\",\"potentialAction\":[{\"@type\":\"SearchAction\",\"target\":{\"@type\":\"EntryPoint\",\"urlTemplate\":\"https:\/\/radamesgnattali.com.br\/?s={search_term_string}\"},\"query-input\":{\"@type\":\"PropertyValueSpecification\",\"valueRequired\":true,\"valueName\":\"search_term_string\"}}],\"inLanguage\":\"en-US\"}]}<\/script>\n<!-- \/ Yoast SEO plugin. -->","yoast_head_json":{"title":"1976 - Radam\u00e9s Gnattali","robots":{"index":"index","follow":"follow","max-snippet":"max-snippet:-1","max-image-preview":"max-image-preview:large","max-video-preview":"max-video-preview:-1"},"canonical":"https:\/\/radamesgnattali.com.br\/en\/linha-do-tempo-radam\/ano-1976\/","og_locale":"en_US","og_type":"article","og_title":"1976 - Radam\u00e9s Gnattali","og_description":"On January 27, Radam\u00e9s Gnattali turns 70 years old On April 29, in honor of Radam\u00e9s Gnattali&#8217;s 70th birthday, his Concerto for two guitars, oboe and string orchestra (1970)interpreted by Duo Assad, for the one who dedicated, with Orquestra Sinf\u00f4nica Brasileira, sob a reg\u00eancia de Roberto Schnorrenberg. &nbsp; Jornal do Brasil (RJ), 01\/12\/1976. On May [&hellip;]","og_url":"https:\/\/radamesgnattali.com.br\/en\/linha-do-tempo-radam\/ano-1976\/","og_site_name":"Radam\u00e9s Gnattali","article_modified_time":"2022-10-26T19:43:42+00:00","og_image":[{"url":"https:\/\/radamesgnattali.com.br\/wp-content\/uploads\/2022\/03\/134-175x300.jpg","type":"","width":"","height":""}],"twitter_card":"summary_large_image","twitter_misc":{"Est. reading time":"2 minutes"},"schema":{"@context":"https:\/\/schema.org","@graph":[{"@type":"WebPage","@id":"https:\/\/radamesgnattali.com.br\/en\/linha-do-tempo-radam\/ano-1976\/","url":"https:\/\/radamesgnattali.com.br\/en\/linha-do-tempo-radam\/ano-1976\/","name":"1976 - Radam\u00e9s Gnattali","isPartOf":{"@id":"https:\/\/radamesgnattali.com.br\/#website"},"primaryImageOfPage":{"@id":"https:\/\/radamesgnattali.com.br\/en\/linha-do-tempo-radam\/ano-1976\/#primaryimage"},"image":{"@id":"https:\/\/radamesgnattali.com.br\/en\/linha-do-tempo-radam\/ano-1976\/#primaryimage"},"thumbnailUrl":"https:\/\/radamesgnattali.com.br\/wp-content\/uploads\/2022\/03\/134-175x300.jpg","datePublished":"2022-04-05T20:15:51+00:00","dateModified":"2022-10-26T19:43:42+00:00","breadcrumb":{"@id":"https:\/\/radamesgnattali.com.br\/en\/linha-do-tempo-radam\/ano-1976\/#breadcrumb"},"inLanguage":"en-US","potentialAction":[{"@type":"ReadAction","target":["https:\/\/radamesgnattali.com.br\/en\/linha-do-tempo-radam\/ano-1976\/"]}]},{"@type":"ImageObject","inLanguage":"en-US","@id":"https:\/\/radamesgnattali.com.br\/en\/linha-do-tempo-radam\/ano-1976\/#primaryimage","url":"https:\/\/radamesgnattali.com.br\/wp-content\/uploads\/2022\/03\/134-175x300.jpg","contentUrl":"https:\/\/radamesgnattali.com.br\/wp-content\/uploads\/2022\/03\/134-175x300.jpg"},{"@type":"BreadcrumbList","@id":"https:\/\/radamesgnattali.com.br\/en\/linha-do-tempo-radam\/ano-1976\/#breadcrumb","itemListElement":[{"@type":"ListItem","position":1,"name":"In\u00edcio","item":"https:\/\/radamesgnattali.com.br\/en\/"},{"@type":"ListItem","position":2,"name":"Linha do tempo radam\u00e9s","item":"https:\/\/radamesgnattali.com.br\/en\/linha-do-tempo-radam\/"},{"@type":"ListItem","position":3,"name":"1976"}]},{"@type":"WebSite","@id":"https:\/\/radamesgnattali.com.br\/#website","url":"https:\/\/radamesgnattali.com.br\/","name":"Radam\u00e9s Gnattali","description":"","potentialAction":[{"@type":"SearchAction","target":{"@type":"EntryPoint","urlTemplate":"https:\/\/radamesgnattali.com.br\/?s={search_term_string}"},"query-input":{"@type":"PropertyValueSpecification","valueRequired":true,"valueName":"search_term_string"}}],"inLanguage":"en-US"}]}},"_links":{"self":[{"href":"https:\/\/radamesgnattali.com.br\/en\/wp-json\/wp\/v2\/linha-do-tempo-radam\/9096","targetHints":{"allow":["GET"]}}],"collection":[{"href":"https:\/\/radamesgnattali.com.br\/en\/wp-json\/wp\/v2\/linha-do-tempo-radam"}],"about":[{"href":"https:\/\/radamesgnattali.com.br\/en\/wp-json\/wp\/v2\/types\/linha-do-tempo-radam"}],"wp:attachment":[{"href":"https:\/\/radamesgnattali.com.br\/en\/wp-json\/wp\/v2\/media?parent=9096"}],"wp:term":[{"taxonomy":"anos-da-linha-do-tempo","embeddable":true,"href":"https:\/\/radamesgnattali.com.br\/en\/wp-json\/wp\/v2\/anos-da-linha-do-tempo?post=9096"}],"curies":[{"name":"wp","href":"https:\/\/api.w.org\/{rel}","templated":true}]}}