{"id":11113,"date":"2022-04-06T15:45:19","date_gmt":"2022-04-06T15:45:19","guid":{"rendered":"https:\/\/radamesgnattali.com.br\/linha-do-tempo-radam\/1985\/"},"modified":"2022-10-27T18:08:54","modified_gmt":"2022-10-27T18:08:54","slug":"ano-1985","status":"publish","type":"linha-do-tempo-radam","link":"https:\/\/radamesgnattali.com.br\/en\/linha-do-tempo-radam\/ano-1985\/","title":{"rendered":"1985"},"content":{"rendered":"<ul>\n<li>On August 28, Radam\u00e9s testifies for the <em><strong>Ciclo Personalidades,<\/strong><\/em> of the Museum of Image and Sound of Rio de Janeiro. Present are researcher and writer Jairo Severiano (depo coordinator), percussionist Luciano Perrone, composer and pianist Tom Jobim, poet and composer Herm\u00ednio Bello de Carvalho, guitarist Manoel da Concei\u00e7\u00e3o, musicians S\u00e9rgio Saraceni and Aluisio Didier, and MIS representative Elizabeth Formagini.<\/li>\n<\/ul>\n<ul>\n<li>Radam\u00e9s presents in <em>I Free-Jazz Festival<\/em> as pianist, composer and arranger, with mandolinist Joel Nascimento and the Camerata Carioca<strong>[1<\/strong>], at the Teatro do Hotel Nacional, Rio de Janeiro.<\/li>\n<\/ul>\n<figure id=\"attachment_6995\" aria-describedby=\"caption-attachment-6995\" style=\"width: 212px\" class=\"wp-caption aligncenter\"><a href=\"https:\/\/radamesgnattali.com.br\/wp-content\/uploads\/2022\/03\/048.jpg\"><img fetchpriority=\"high\" decoding=\"async\" class=\"wp-image-6995 size-medium\" src=\"https:\/\/radamesgnattali.com.br\/wp-content\/uploads\/2022\/03\/048-212x300.jpg\" alt=\"\" width=\"212\" height=\"300\" srcset=\"https:\/\/radamesgnattali.com.br\/wp-content\/uploads\/2022\/03\/048-212x300.jpg 212w, https:\/\/radamesgnattali.com.br\/wp-content\/uploads\/2022\/03\/048-725x1024.jpg 725w, https:\/\/radamesgnattali.com.br\/wp-content\/uploads\/2022\/03\/048-768x1085.jpg 768w, https:\/\/radamesgnattali.com.br\/wp-content\/uploads\/2022\/03\/048.jpg 980w\" sizes=\"(max-width: 212px) 100vw, 212px\" \/><\/a><figcaption id=\"caption-attachment-6995\" class=\"wp-caption-text\">Jornal do Brasil (RJ) &gt; &#8216;Radam\u00e9s leaves the audience in full emotion&#8217;. By Jo\u00e3o M\u00e1ximo&#8217;.<\/figcaption><\/figure>\n<p style=\"text-align: center;\">Jornal do Brasil, 06\/08\/1985.<\/p>\n<p>&nbsp;<\/p>\n<ul>\n<li>The commemorations of Radam\u00e9s&#8217; 80th birthday are anticipated. Funarte is preparing, in Rio de Janeiro, S\u00e3o Paulo, and Bras\u00edlia, a concert in honor of the composer, <strong><em>Grande Gala Radam\u00e9s \u2013 80<\/em><\/strong>with book launch<em> <strong>Radam\u00e9s Gnattali \u2013 o eterno experimentador<\/strong><\/em> <strong>[2]<\/strong>by Valdinha Barbosa and Anne Marie Devos, containing a biography and the first printed catalog of the maestro&#8217;s concert and popular music works.<\/li>\n<li>Radam\u00e9s, in full activity at the age of 79, signs the arrangements and musical direction of the double album of composer and singer <strong><em>Dorival Caymmi: Caymmi &#8211; Som, imagem, magia<\/em><\/strong>, released by Sarga\u00e7o Produ\u00e7\u00f5es Art\u00edsticas, for the Em\u00edlio Odebrecht Foundation. Participation of<em>Camerata Carioca <\/em><strong>[3] <\/strong>and string orchestra conducted by maestro Alexandre Gnattali.<\/li>\n<\/ul>\n<p>&nbsp;<\/p>\n<p><a href=\"https:\/\/radamesgnattali.com.br\/wp-content\/uploads\/2022\/03\/Img38.jpg\"><img decoding=\"async\" class=\"aligncenter wp-image-7407 size-medium\" src=\"https:\/\/radamesgnattali.com.br\/wp-content\/uploads\/2022\/03\/Img38-188x300.jpg\" alt=\"\" width=\"188\" height=\"300\"><\/a><\/p>\n<p style=\"text-align: center;\">Radam\u00e9s, on the piano, rehearsing with Dorival Caymmi.<br \/>\nPhoto: Claus Meyer \/ Josemar Ferrari<\/p>\n<p>&nbsp;<\/p>\n<ul>\n<li>Funarte is releasing the <strong><em>Radam\u00e9s Gnattalie<\/em><\/strong> edition, a book of scores with compositions and arrangements by the maestro. The CD counts with the participation of several composers and interpreters who were friends of Radam\u00e9s: Tom Jobim, Paulinho da Viola, Jos\u00e9 Menezes, Chiquinho do Acordeom, and the groups Camerata Carioca <strong>[4]<\/strong> and Brasil Quarteto<strong>.<\/strong><\/li>\n<li>The seal <em>Libertas<\/em> launches the elep\u00ea <em><strong>Radam\u00e9s Gnattali, <\/strong><\/em>for solo piano, in which the interpreter revisits, in extraordinary arrangements, popular classics of Brazilian music, such as <em>Carinhosoand<\/em> <em>Cochicho,<\/em> of Pixinguinha; <em>Chovendo na Roseira<\/em>and <em>Corcovado<\/em>, of Tom Jobim; <em>Ponteio<\/em>, of Edu Lobo and Capinan, and others<\/li>\n<\/ul>\n<p style=\"text-align: center;\"><a href=\"https:\/\/radamesgnattali.com.br\/wp-content\/uploads\/2022\/05\/disco_105_0513.jpg\"><img decoding=\"async\" class=\"aligncenter wp-image-7944 size-medium\" src=\"https:\/\/radamesgnattali.com.br\/wp-content\/uploads\/2022\/05\/disco_105_0513-300x300.jpg\" alt=\"\" width=\"300\" height=\"300\" srcset=\"https:\/\/radamesgnattali.com.br\/wp-content\/uploads\/2022\/05\/disco_105_0513-300x300.jpg 300w, https:\/\/radamesgnattali.com.br\/wp-content\/uploads\/2022\/05\/disco_105_0513-150x150.jpg 150w, https:\/\/radamesgnattali.com.br\/wp-content\/uploads\/2022\/05\/disco_105_0513-768x768.jpg 768w, https:\/\/radamesgnattali.com.br\/wp-content\/uploads\/2022\/05\/disco_105_0513-700x700.jpg 700w, https:\/\/radamesgnattali.com.br\/wp-content\/uploads\/2022\/05\/disco_105_0513.jpg 800w\" sizes=\"(max-width: 300px) 100vw, 300px\" \/><\/a>Poem by Tom Jobim dedicated to his friend Radam\u00e9s<br \/>\n(Back cover of the elep\u00ea <em>Radam\u00e9s Gnattali<\/em>)<\/p>\n<ul>\n<li>Tur\u00edbio Santos records in France, for <em>Editions Costallat<\/em>, the<strong><em>Brasiliana n\u00ba 13 <\/em><\/strong><em>(1983)<\/em>, by Radam\u00e9s Gnattali, dedicated to the guitarist.<\/li>\n<li><strong>Radam\u00e9s composes:<\/strong>\n<ul>\n<li><strong><em>Concerto para bandolim e orquestra de cordas<\/em>,<\/strong> dedicated to mandolin player Joel Nascimento.<\/li>\n<li><strong><em>Pequena su\u00edte para viol\u00e3o <\/em>\u2013<\/strong> dedicated to Tur\u00edbio Santos<\/li>\n<li><strong><em>Retratos para piano e orquestra de c\u00e2mara<\/em><\/strong> (from the original for mandolin, with choro ensemble and string orchestra, 1956)<\/li>\n<li><em><strong>Sonatina coreogr\u00e1fica para quarteto de viol\u00f5es<\/strong><\/em> (from the original for piano solo, 1950) \u2013 <em>\u201cdedicado \u00e0 Tur\u00edbio Santos e sua orquestra de viol\u00f5es\u201d<\/em><\/li>\n<li><strong><em>Su\u00edte Brasileira \u2013 para piano e tr\u00eas viol\u00f5es<\/em> \u2013<\/strong> dedicated to Trio Opus 12, (transcribed from <em>Su\u00edte para pequena orquestra<\/em>, 1940)<\/li>\n<\/ul>\n<\/li>\n<\/ul>\n<ul>\n<li>It is held, in Jacarepagu\u00e1, a district in the west zone of Rio de Janeiro, the 1st edition of <em>Rock in Rio<\/em>. The biggest event of its kind in Brazil.<\/li>\n<li>End of the military regime. Tancredo de Almeida Neves is the first civilian elected president of the republic, still by indirect vote, but with popular support, after 5 military presidents. He suddenly falls ill and dies before taking office, and is replaced by the vice-president, Jos\u00e9 Sarney.<\/li>\n<li>Mikhail Gorbatchov, leader of the Soviet Union, <em>initiates perestroika<\/em> (economic restructuring) and <em>glasnost<\/em> (political transparency).<\/li>\n<\/ul>\n","protected":false},"template":"","anos-da-linha-do-tempo":[1350],"class_list":["post-11113","linha-do-tempo-radam","type-linha-do-tempo-radam","status-publish","hentry","anos-da-linha-do-tempo-1985-en"],"yoast_head":"<!-- This site is optimized with the Yoast SEO plugin v27.2 - https:\/\/yoast.com\/product\/yoast-seo-wordpress\/ -->\n<title>1985 - Radam\u00e9s Gnattali<\/title>\n<meta name=\"robots\" content=\"index, follow, max-snippet:-1, max-image-preview:large, max-video-preview:-1\" \/>\n<link rel=\"canonical\" href=\"https:\/\/radamesgnattali.com.br\/en\/linha-do-tempo-radam\/ano-1985\/\" \/>\n<meta property=\"og:locale\" content=\"en_US\" \/>\n<meta property=\"og:type\" content=\"article\" \/>\n<meta property=\"og:title\" content=\"1985 - Radam\u00e9s Gnattali\" \/>\n<meta property=\"og:description\" content=\"On August 28, Radam\u00e9s testifies for the Ciclo Personalidades, of the Museum of Image and Sound of Rio de Janeiro. Present are researcher and writer Jairo Severiano (depo coordinator), percussionist Luciano Perrone, composer and pianist Tom Jobim, poet and composer Herm\u00ednio Bello de Carvalho, guitarist Manoel da Concei\u00e7\u00e3o, musicians S\u00e9rgio Saraceni and Aluisio Didier, and [&hellip;]\" \/>\n<meta property=\"og:url\" content=\"https:\/\/radamesgnattali.com.br\/en\/linha-do-tempo-radam\/ano-1985\/\" \/>\n<meta property=\"og:site_name\" content=\"Radam\u00e9s Gnattali\" \/>\n<meta property=\"article:modified_time\" content=\"2022-10-27T18:08:54+00:00\" \/>\n<meta property=\"og:image\" content=\"https:\/\/radamesgnattali.com.br\/wp-content\/uploads\/2022\/03\/048-212x300.jpg\" \/>\n<meta name=\"twitter:card\" content=\"summary_large_image\" \/>\n<meta name=\"twitter:label1\" content=\"Est. reading time\" \/>\n\t<meta name=\"twitter:data1\" content=\"3 minutes\" \/>\n<script type=\"application\/ld+json\" class=\"yoast-schema-graph\">{\"@context\":\"https:\/\/schema.org\",\"@graph\":[{\"@type\":\"WebPage\",\"@id\":\"https:\/\/radamesgnattali.com.br\/en\/linha-do-tempo-radam\/ano-1985\/\",\"url\":\"https:\/\/radamesgnattali.com.br\/en\/linha-do-tempo-radam\/ano-1985\/\",\"name\":\"1985 - Radam\u00e9s Gnattali\",\"isPartOf\":{\"@id\":\"https:\/\/radamesgnattali.com.br\/#website\"},\"primaryImageOfPage\":{\"@id\":\"https:\/\/radamesgnattali.com.br\/en\/linha-do-tempo-radam\/ano-1985\/#primaryimage\"},\"image\":{\"@id\":\"https:\/\/radamesgnattali.com.br\/en\/linha-do-tempo-radam\/ano-1985\/#primaryimage\"},\"thumbnailUrl\":\"https:\/\/radamesgnattali.com.br\/wp-content\/uploads\/2022\/03\/048-212x300.jpg\",\"datePublished\":\"2022-04-06T15:45:19+00:00\",\"dateModified\":\"2022-10-27T18:08:54+00:00\",\"breadcrumb\":{\"@id\":\"https:\/\/radamesgnattali.com.br\/en\/linha-do-tempo-radam\/ano-1985\/#breadcrumb\"},\"inLanguage\":\"en-US\",\"potentialAction\":[{\"@type\":\"ReadAction\",\"target\":[\"https:\/\/radamesgnattali.com.br\/en\/linha-do-tempo-radam\/ano-1985\/\"]}]},{\"@type\":\"ImageObject\",\"inLanguage\":\"en-US\",\"@id\":\"https:\/\/radamesgnattali.com.br\/en\/linha-do-tempo-radam\/ano-1985\/#primaryimage\",\"url\":\"https:\/\/radamesgnattali.com.br\/wp-content\/uploads\/2022\/03\/048-212x300.jpg\",\"contentUrl\":\"https:\/\/radamesgnattali.com.br\/wp-content\/uploads\/2022\/03\/048-212x300.jpg\"},{\"@type\":\"BreadcrumbList\",\"@id\":\"https:\/\/radamesgnattali.com.br\/en\/linha-do-tempo-radam\/ano-1985\/#breadcrumb\",\"itemListElement\":[{\"@type\":\"ListItem\",\"position\":1,\"name\":\"In\u00edcio\",\"item\":\"https:\/\/radamesgnattali.com.br\/en\/\"},{\"@type\":\"ListItem\",\"position\":2,\"name\":\"Linha do tempo radam\u00e9s\",\"item\":\"https:\/\/radamesgnattali.com.br\/en\/linha-do-tempo-radam\/\"},{\"@type\":\"ListItem\",\"position\":3,\"name\":\"1985\"}]},{\"@type\":\"WebSite\",\"@id\":\"https:\/\/radamesgnattali.com.br\/#website\",\"url\":\"https:\/\/radamesgnattali.com.br\/\",\"name\":\"Radam\u00e9s Gnattali\",\"description\":\"\",\"potentialAction\":[{\"@type\":\"SearchAction\",\"target\":{\"@type\":\"EntryPoint\",\"urlTemplate\":\"https:\/\/radamesgnattali.com.br\/?s={search_term_string}\"},\"query-input\":{\"@type\":\"PropertyValueSpecification\",\"valueRequired\":true,\"valueName\":\"search_term_string\"}}],\"inLanguage\":\"en-US\"}]}<\/script>\n<!-- \/ Yoast SEO plugin. -->","yoast_head_json":{"title":"1985 - Radam\u00e9s Gnattali","robots":{"index":"index","follow":"follow","max-snippet":"max-snippet:-1","max-image-preview":"max-image-preview:large","max-video-preview":"max-video-preview:-1"},"canonical":"https:\/\/radamesgnattali.com.br\/en\/linha-do-tempo-radam\/ano-1985\/","og_locale":"en_US","og_type":"article","og_title":"1985 - Radam\u00e9s Gnattali","og_description":"On August 28, Radam\u00e9s testifies for the Ciclo Personalidades, of the Museum of Image and Sound of Rio de Janeiro. Present are researcher and writer Jairo Severiano (depo coordinator), percussionist Luciano Perrone, composer and pianist Tom Jobim, poet and composer Herm\u00ednio Bello de Carvalho, guitarist Manoel da Concei\u00e7\u00e3o, musicians S\u00e9rgio Saraceni and Aluisio Didier, and [&hellip;]","og_url":"https:\/\/radamesgnattali.com.br\/en\/linha-do-tempo-radam\/ano-1985\/","og_site_name":"Radam\u00e9s Gnattali","article_modified_time":"2022-10-27T18:08:54+00:00","og_image":[{"url":"https:\/\/radamesgnattali.com.br\/wp-content\/uploads\/2022\/03\/048-212x300.jpg","type":"","width":"","height":""}],"twitter_card":"summary_large_image","twitter_misc":{"Est. reading time":"3 minutes"},"schema":{"@context":"https:\/\/schema.org","@graph":[{"@type":"WebPage","@id":"https:\/\/radamesgnattali.com.br\/en\/linha-do-tempo-radam\/ano-1985\/","url":"https:\/\/radamesgnattali.com.br\/en\/linha-do-tempo-radam\/ano-1985\/","name":"1985 - Radam\u00e9s Gnattali","isPartOf":{"@id":"https:\/\/radamesgnattali.com.br\/#website"},"primaryImageOfPage":{"@id":"https:\/\/radamesgnattali.com.br\/en\/linha-do-tempo-radam\/ano-1985\/#primaryimage"},"image":{"@id":"https:\/\/radamesgnattali.com.br\/en\/linha-do-tempo-radam\/ano-1985\/#primaryimage"},"thumbnailUrl":"https:\/\/radamesgnattali.com.br\/wp-content\/uploads\/2022\/03\/048-212x300.jpg","datePublished":"2022-04-06T15:45:19+00:00","dateModified":"2022-10-27T18:08:54+00:00","breadcrumb":{"@id":"https:\/\/radamesgnattali.com.br\/en\/linha-do-tempo-radam\/ano-1985\/#breadcrumb"},"inLanguage":"en-US","potentialAction":[{"@type":"ReadAction","target":["https:\/\/radamesgnattali.com.br\/en\/linha-do-tempo-radam\/ano-1985\/"]}]},{"@type":"ImageObject","inLanguage":"en-US","@id":"https:\/\/radamesgnattali.com.br\/en\/linha-do-tempo-radam\/ano-1985\/#primaryimage","url":"https:\/\/radamesgnattali.com.br\/wp-content\/uploads\/2022\/03\/048-212x300.jpg","contentUrl":"https:\/\/radamesgnattali.com.br\/wp-content\/uploads\/2022\/03\/048-212x300.jpg"},{"@type":"BreadcrumbList","@id":"https:\/\/radamesgnattali.com.br\/en\/linha-do-tempo-radam\/ano-1985\/#breadcrumb","itemListElement":[{"@type":"ListItem","position":1,"name":"In\u00edcio","item":"https:\/\/radamesgnattali.com.br\/en\/"},{"@type":"ListItem","position":2,"name":"Linha do tempo radam\u00e9s","item":"https:\/\/radamesgnattali.com.br\/en\/linha-do-tempo-radam\/"},{"@type":"ListItem","position":3,"name":"1985"}]},{"@type":"WebSite","@id":"https:\/\/radamesgnattali.com.br\/#website","url":"https:\/\/radamesgnattali.com.br\/","name":"Radam\u00e9s Gnattali","description":"","potentialAction":[{"@type":"SearchAction","target":{"@type":"EntryPoint","urlTemplate":"https:\/\/radamesgnattali.com.br\/?s={search_term_string}"},"query-input":{"@type":"PropertyValueSpecification","valueRequired":true,"valueName":"search_term_string"}}],"inLanguage":"en-US"}]}},"_links":{"self":[{"href":"https:\/\/radamesgnattali.com.br\/en\/wp-json\/wp\/v2\/linha-do-tempo-radam\/11113","targetHints":{"allow":["GET"]}}],"collection":[{"href":"https:\/\/radamesgnattali.com.br\/en\/wp-json\/wp\/v2\/linha-do-tempo-radam"}],"about":[{"href":"https:\/\/radamesgnattali.com.br\/en\/wp-json\/wp\/v2\/types\/linha-do-tempo-radam"}],"wp:attachment":[{"href":"https:\/\/radamesgnattali.com.br\/en\/wp-json\/wp\/v2\/media?parent=11113"}],"wp:term":[{"taxonomy":"anos-da-linha-do-tempo","embeddable":true,"href":"https:\/\/radamesgnattali.com.br\/en\/wp-json\/wp\/v2\/anos-da-linha-do-tempo?post=11113"}],"curies":[{"name":"wp","href":"https:\/\/api.w.org\/{rel}","templated":true}]}}