{"id":8576,"date":"2022-04-27T16:40:32","date_gmt":"2022-04-27T16:40:32","guid":{"rendered":"https:\/\/radamesgnattali.com.br\/fotos-raizes--infa\/fotos-raizes-juventude-e-infancia-28\/"},"modified":"2022-07-22T18:50:06","modified_gmt":"2022-07-22T18:50:06","slug":"fotos-raizes-juventude-e-infancia-28","status":"publish","type":"fotos-raizes--infa","link":"https:\/\/radamesgnattali.com.br\/en\/fotos-raizes--infa\/fotos-raizes-juventude-e-infancia-28\/","title":{"rendered":"Fotos : raizes juventude e inf\u00e2ncia 28"},"featured_media":7490,"template":"","class_list":["post-8576","fotos-raizes--infa","type-fotos-raizes--infa","status-publish","has-post-thumbnail","hentry"],"yoast_head":"<!-- This site is optimized with the Yoast SEO plugin v27.2 - https:\/\/yoast.com\/product\/yoast-seo-wordpress\/ -->\n<title>Fotos : raizes juventude e inf\u00e2ncia 28 - Radam\u00e9s Gnattali<\/title>\n<meta name=\"robots\" content=\"index, follow, max-snippet:-1, max-image-preview:large, max-video-preview:-1\" \/>\n<link rel=\"canonical\" href=\"https:\/\/radamesgnattali.com.br\/en\/fotos-raizes--infa\/fotos-raizes-juventude-e-infancia-28\/\" \/>\n<meta property=\"og:locale\" content=\"en_US\" \/>\n<meta property=\"og:type\" content=\"article\" \/>\n<meta property=\"og:title\" content=\"Fotos : raizes juventude e inf\u00e2ncia 28 - Radam\u00e9s Gnattali\" \/>\n<meta property=\"og:url\" content=\"https:\/\/radamesgnattali.com.br\/en\/fotos-raizes--infa\/fotos-raizes-juventude-e-infancia-28\/\" \/>\n<meta property=\"og:site_name\" content=\"Radam\u00e9s Gnattali\" \/>\n<meta property=\"article:modified_time\" content=\"2022-07-22T18:50:06+00:00\" \/>\n<meta property=\"og:image\" content=\"https:\/\/radamesgnattali.com.br\/wp-content\/uploads\/2022\/03\/2-33-rada-e-familia-1914-nao-1.png\" \/>\n\t<meta property=\"og:image:width\" content=\"1053\" \/>\n\t<meta property=\"og:image:height\" content=\"816\" \/>\n\t<meta property=\"og:image:type\" content=\"image\/png\" \/>\n<meta name=\"twitter:card\" content=\"summary_large_image\" \/>\n<script type=\"application\/ld+json\" class=\"yoast-schema-graph\">{\"@context\":\"https:\/\/schema.org\",\"@graph\":[{\"@type\":\"WebPage\",\"@id\":\"https:\/\/radamesgnattali.com.br\/en\/fotos-raizes--infa\/fotos-raizes-juventude-e-infancia-28\/\",\"url\":\"https:\/\/radamesgnattali.com.br\/en\/fotos-raizes--infa\/fotos-raizes-juventude-e-infancia-28\/\",\"name\":\"Fotos : raizes juventude e inf\u00e2ncia 28 - Radam\u00e9s Gnattali\",\"isPartOf\":{\"@id\":\"https:\/\/radamesgnattali.com.br\/#website\"},\"primaryImageOfPage\":{\"@id\":\"https:\/\/radamesgnattali.com.br\/en\/fotos-raizes--infa\/fotos-raizes-juventude-e-infancia-28\/#primaryimage\"},\"image\":{\"@id\":\"https:\/\/radamesgnattali.com.br\/en\/fotos-raizes--infa\/fotos-raizes-juventude-e-infancia-28\/#primaryimage\"},\"thumbnailUrl\":\"https:\/\/radamesgnattali.com.br\/wp-content\/uploads\/2022\/03\/2-33-rada-e-familia-1914-nao-1.png\",\"datePublished\":\"2022-04-27T16:40:32+00:00\",\"dateModified\":\"2022-07-22T18:50:06+00:00\",\"breadcrumb\":{\"@id\":\"https:\/\/radamesgnattali.com.br\/en\/fotos-raizes--infa\/fotos-raizes-juventude-e-infancia-28\/#breadcrumb\"},\"inLanguage\":\"en-US\",\"potentialAction\":[{\"@type\":\"ReadAction\",\"target\":[\"https:\/\/radamesgnattali.com.br\/en\/fotos-raizes--infa\/fotos-raizes-juventude-e-infancia-28\/\"]}]},{\"@type\":\"ImageObject\",\"inLanguage\":\"en-US\",\"@id\":\"https:\/\/radamesgnattali.com.br\/en\/fotos-raizes--infa\/fotos-raizes-juventude-e-infancia-28\/#primaryimage\",\"url\":\"https:\/\/radamesgnattali.com.br\/wp-content\/uploads\/2022\/03\/2-33-rada-e-familia-1914-nao-1.png\",\"contentUrl\":\"https:\/\/radamesgnattali.com.br\/wp-content\/uploads\/2022\/03\/2-33-rada-e-familia-1914-nao-1.png\",\"width\":1053,\"height\":816,\"caption\":\"Alexandre and Ad\u00e9lia with their children, in 1914. From left, Radam\u00e9s, father Alexandre (with A\u00edda on his lap), mothers Ad\u00e9lia and Ernani. Their children Alexandre and Maria Terezinha were not yet born.\"},{\"@type\":\"BreadcrumbList\",\"@id\":\"https:\/\/radamesgnattali.com.br\/en\/fotos-raizes--infa\/fotos-raizes-juventude-e-infancia-28\/#breadcrumb\",\"itemListElement\":[{\"@type\":\"ListItem\",\"position\":1,\"name\":\"In\u00edcio\",\"item\":\"https:\/\/radamesgnattali.com.br\/en\/\"},{\"@type\":\"ListItem\",\"position\":2,\"name\":\"Fotos: Ra\u00edzes | Inf\u00e2ncia | Juventude\",\"item\":\"https:\/\/radamesgnattali.com.br\/fotos-raizes--infa\/\"},{\"@type\":\"ListItem\",\"position\":3,\"name\":\"Fotos : raizes juventude e inf\u00e2ncia 28\"}]},{\"@type\":\"WebSite\",\"@id\":\"https:\/\/radamesgnattali.com.br\/#website\",\"url\":\"https:\/\/radamesgnattali.com.br\/\",\"name\":\"Radam\u00e9s Gnattali\",\"description\":\"\",\"potentialAction\":[{\"@type\":\"SearchAction\",\"target\":{\"@type\":\"EntryPoint\",\"urlTemplate\":\"https:\/\/radamesgnattali.com.br\/?s={search_term_string}\"},\"query-input\":{\"@type\":\"PropertyValueSpecification\",\"valueRequired\":true,\"valueName\":\"search_term_string\"}}],\"inLanguage\":\"en-US\"}]}<\/script>\n<!-- \/ Yoast SEO plugin. -->","yoast_head_json":{"title":"Fotos : raizes juventude e inf\u00e2ncia 28 - Radam\u00e9s Gnattali","robots":{"index":"index","follow":"follow","max-snippet":"max-snippet:-1","max-image-preview":"max-image-preview:large","max-video-preview":"max-video-preview:-1"},"canonical":"https:\/\/radamesgnattali.com.br\/en\/fotos-raizes--infa\/fotos-raizes-juventude-e-infancia-28\/","og_locale":"en_US","og_type":"article","og_title":"Fotos : raizes juventude e inf\u00e2ncia 28 - Radam\u00e9s Gnattali","og_url":"https:\/\/radamesgnattali.com.br\/en\/fotos-raizes--infa\/fotos-raizes-juventude-e-infancia-28\/","og_site_name":"Radam\u00e9s Gnattali","article_modified_time":"2022-07-22T18:50:06+00:00","og_image":[{"width":1053,"height":816,"url":"https:\/\/radamesgnattali.com.br\/wp-content\/uploads\/2022\/03\/2-33-rada-e-familia-1914-nao-1.png","type":"image\/png"}],"twitter_card":"summary_large_image","schema":{"@context":"https:\/\/schema.org","@graph":[{"@type":"WebPage","@id":"https:\/\/radamesgnattali.com.br\/en\/fotos-raizes--infa\/fotos-raizes-juventude-e-infancia-28\/","url":"https:\/\/radamesgnattali.com.br\/en\/fotos-raizes--infa\/fotos-raizes-juventude-e-infancia-28\/","name":"Fotos : raizes juventude e inf\u00e2ncia 28 - Radam\u00e9s Gnattali","isPartOf":{"@id":"https:\/\/radamesgnattali.com.br\/#website"},"primaryImageOfPage":{"@id":"https:\/\/radamesgnattali.com.br\/en\/fotos-raizes--infa\/fotos-raizes-juventude-e-infancia-28\/#primaryimage"},"image":{"@id":"https:\/\/radamesgnattali.com.br\/en\/fotos-raizes--infa\/fotos-raizes-juventude-e-infancia-28\/#primaryimage"},"thumbnailUrl":"https:\/\/radamesgnattali.com.br\/wp-content\/uploads\/2022\/03\/2-33-rada-e-familia-1914-nao-1.png","datePublished":"2022-04-27T16:40:32+00:00","dateModified":"2022-07-22T18:50:06+00:00","breadcrumb":{"@id":"https:\/\/radamesgnattali.com.br\/en\/fotos-raizes--infa\/fotos-raizes-juventude-e-infancia-28\/#breadcrumb"},"inLanguage":"en-US","potentialAction":[{"@type":"ReadAction","target":["https:\/\/radamesgnattali.com.br\/en\/fotos-raizes--infa\/fotos-raizes-juventude-e-infancia-28\/"]}]},{"@type":"ImageObject","inLanguage":"en-US","@id":"https:\/\/radamesgnattali.com.br\/en\/fotos-raizes--infa\/fotos-raizes-juventude-e-infancia-28\/#primaryimage","url":"https:\/\/radamesgnattali.com.br\/wp-content\/uploads\/2022\/03\/2-33-rada-e-familia-1914-nao-1.png","contentUrl":"https:\/\/radamesgnattali.com.br\/wp-content\/uploads\/2022\/03\/2-33-rada-e-familia-1914-nao-1.png","width":1053,"height":816,"caption":"Alexandre and Ad\u00e9lia with their children, in 1914. From left, Radam\u00e9s, father Alexandre (with A\u00edda on his lap), mothers Ad\u00e9lia and Ernani. Their children Alexandre and Maria Terezinha were not yet born."},{"@type":"BreadcrumbList","@id":"https:\/\/radamesgnattali.com.br\/en\/fotos-raizes--infa\/fotos-raizes-juventude-e-infancia-28\/#breadcrumb","itemListElement":[{"@type":"ListItem","position":1,"name":"In\u00edcio","item":"https:\/\/radamesgnattali.com.br\/en\/"},{"@type":"ListItem","position":2,"name":"Fotos: Ra\u00edzes | Inf\u00e2ncia | Juventude","item":"https:\/\/radamesgnattali.com.br\/fotos-raizes--infa\/"},{"@type":"ListItem","position":3,"name":"Fotos : raizes juventude e inf\u00e2ncia 28"}]},{"@type":"WebSite","@id":"https:\/\/radamesgnattali.com.br\/#website","url":"https:\/\/radamesgnattali.com.br\/","name":"Radam\u00e9s Gnattali","description":"","potentialAction":[{"@type":"SearchAction","target":{"@type":"EntryPoint","urlTemplate":"https:\/\/radamesgnattali.com.br\/?s={search_term_string}"},"query-input":{"@type":"PropertyValueSpecification","valueRequired":true,"valueName":"search_term_string"}}],"inLanguage":"en-US"}]}},"_links":{"self":[{"href":"https:\/\/radamesgnattali.com.br\/en\/wp-json\/wp\/v2\/fotos-raizes--infa\/8576","targetHints":{"allow":["GET"]}}],"collection":[{"href":"https:\/\/radamesgnattali.com.br\/en\/wp-json\/wp\/v2\/fotos-raizes--infa"}],"about":[{"href":"https:\/\/radamesgnattali.com.br\/en\/wp-json\/wp\/v2\/types\/fotos-raizes--infa"}],"wp:featuredmedia":[{"embeddable":true,"href":"https:\/\/radamesgnattali.com.br\/en\/wp-json\/wp\/v2\/media\/7490"}],"wp:attachment":[{"href":"https:\/\/radamesgnattali.com.br\/en\/wp-json\/wp\/v2\/media?parent=8576"}],"curies":[{"name":"wp","href":"https:\/\/api.w.org\/{rel}","templated":true}]}}