{"id":8475,"date":"2022-04-25T21:19:55","date_gmt":"2022-04-25T21:19:55","guid":{"rendered":"https:\/\/radamesgnattali.com.br\/fotos-em-foco\/fotos-em-foco-63\/"},"modified":"2022-07-19T17:39:44","modified_gmt":"2022-07-19T17:39:44","slug":"fotos-em-foco-63","status":"publish","type":"fotos-em-foco","link":"https:\/\/radamesgnattali.com.br\/en\/fotos-em-foco\/fotos-em-foco-63\/","title":{"rendered":"Fotos em foco 63"},"featured_media":7399,"template":"","class_list":["post-8475","fotos-em-foco","type-fotos-em-foco","status-publish","has-post-thumbnail","hentry"],"yoast_head":"<!-- This site is optimized with the Yoast SEO plugin v27.2 - https:\/\/yoast.com\/product\/yoast-seo-wordpress\/ -->\n<title>Fotos em foco 63 - Radam\u00e9s Gnattali<\/title>\n<meta name=\"robots\" content=\"index, follow, max-snippet:-1, max-image-preview:large, max-video-preview:-1\" \/>\n<link rel=\"canonical\" href=\"https:\/\/radamesgnattali.com.br\/en\/fotos-em-foco\/fotos-em-foco-63\/\" \/>\n<meta property=\"og:locale\" content=\"en_US\" \/>\n<meta property=\"og:type\" content=\"article\" \/>\n<meta property=\"og:title\" content=\"Fotos em foco 63 - Radam\u00e9s Gnattali\" \/>\n<meta property=\"og:url\" content=\"https:\/\/radamesgnattali.com.br\/en\/fotos-em-foco\/fotos-em-foco-63\/\" \/>\n<meta property=\"og:site_name\" content=\"Radam\u00e9s Gnattali\" \/>\n<meta property=\"article:modified_time\" content=\"2022-07-19T17:39:44+00:00\" \/>\n<meta property=\"og:image\" content=\"https:\/\/radamesgnattali.com.br\/wp-content\/uploads\/2022\/03\/Img48.jpg\" \/>\n\t<meta property=\"og:image:width\" content=\"992\" \/>\n\t<meta property=\"og:image:height\" content=\"774\" \/>\n\t<meta property=\"og:image:type\" content=\"image\/jpeg\" \/>\n<meta name=\"twitter:card\" content=\"summary_large_image\" \/>\n<script type=\"application\/ld+json\" class=\"yoast-schema-graph\">{\"@context\":\"https:\/\/schema.org\",\"@graph\":[{\"@type\":\"WebPage\",\"@id\":\"https:\/\/radamesgnattali.com.br\/en\/fotos-em-foco\/fotos-em-foco-63\/\",\"url\":\"https:\/\/radamesgnattali.com.br\/en\/fotos-em-foco\/fotos-em-foco-63\/\",\"name\":\"Fotos em foco 63 - Radam\u00e9s Gnattali\",\"isPartOf\":{\"@id\":\"https:\/\/radamesgnattali.com.br\/#website\"},\"primaryImageOfPage\":{\"@id\":\"https:\/\/radamesgnattali.com.br\/en\/fotos-em-foco\/fotos-em-foco-63\/#primaryimage\"},\"image\":{\"@id\":\"https:\/\/radamesgnattali.com.br\/en\/fotos-em-foco\/fotos-em-foco-63\/#primaryimage\"},\"thumbnailUrl\":\"https:\/\/radamesgnattali.com.br\/wp-content\/uploads\/2022\/03\/Img48.jpg\",\"datePublished\":\"2022-04-25T21:19:55+00:00\",\"dateModified\":\"2022-07-19T17:39:44+00:00\",\"breadcrumb\":{\"@id\":\"https:\/\/radamesgnattali.com.br\/en\/fotos-em-foco\/fotos-em-foco-63\/#breadcrumb\"},\"inLanguage\":\"en-US\",\"potentialAction\":[{\"@type\":\"ReadAction\",\"target\":[\"https:\/\/radamesgnattali.com.br\/en\/fotos-em-foco\/fotos-em-foco-63\/\"]}]},{\"@type\":\"ImageObject\",\"inLanguage\":\"en-US\",\"@id\":\"https:\/\/radamesgnattali.com.br\/en\/fotos-em-foco\/fotos-em-foco-63\/#primaryimage\",\"url\":\"https:\/\/radamesgnattali.com.br\/wp-content\/uploads\/2022\/03\/Img48.jpg\",\"contentUrl\":\"https:\/\/radamesgnattali.com.br\/wp-content\/uploads\/2022\/03\/Img48.jpg\",\"width\":992,\"height\":774,\"caption\":\"Foto-divulga\u00e7\u00e3o do concerto realizado em 1\u00ba de mar\u00e7o de 1980, em comemora\u00e7\u00e3o ao anivers\u00e1rio da cidade do Rio de Janeiro, na escadaria da C\u00e2mara Municipal, na Cinel\u00e2ndia. Maria Lucia Godoy (soprano), maestro Radam\u00e9s Gnattali, o bandolinista Joel Nascimento, m\u00fasicos da Camerata Carioca, o m\u00fasico Ari Sperling e a pianista Neuza Prado. Foto: arquivo Funarte.\"},{\"@type\":\"BreadcrumbList\",\"@id\":\"https:\/\/radamesgnattali.com.br\/en\/fotos-em-foco\/fotos-em-foco-63\/#breadcrumb\",\"itemListElement\":[{\"@type\":\"ListItem\",\"position\":1,\"name\":\"In\u00edcio\",\"item\":\"https:\/\/radamesgnattali.com.br\/en\/\"},{\"@type\":\"ListItem\",\"position\":2,\"name\":\"Fotos: Em foco\",\"item\":\"https:\/\/radamesgnattali.com.br\/fotos-em-foco\/\"},{\"@type\":\"ListItem\",\"position\":3,\"name\":\"Fotos em foco 63\"}]},{\"@type\":\"WebSite\",\"@id\":\"https:\/\/radamesgnattali.com.br\/#website\",\"url\":\"https:\/\/radamesgnattali.com.br\/\",\"name\":\"Radam\u00e9s Gnattali\",\"description\":\"\",\"potentialAction\":[{\"@type\":\"SearchAction\",\"target\":{\"@type\":\"EntryPoint\",\"urlTemplate\":\"https:\/\/radamesgnattali.com.br\/?s={search_term_string}\"},\"query-input\":{\"@type\":\"PropertyValueSpecification\",\"valueRequired\":true,\"valueName\":\"search_term_string\"}}],\"inLanguage\":\"en-US\"}]}<\/script>\n<!-- \/ Yoast SEO plugin. -->","yoast_head_json":{"title":"Fotos em foco 63 - Radam\u00e9s Gnattali","robots":{"index":"index","follow":"follow","max-snippet":"max-snippet:-1","max-image-preview":"max-image-preview:large","max-video-preview":"max-video-preview:-1"},"canonical":"https:\/\/radamesgnattali.com.br\/en\/fotos-em-foco\/fotos-em-foco-63\/","og_locale":"en_US","og_type":"article","og_title":"Fotos em foco 63 - Radam\u00e9s Gnattali","og_url":"https:\/\/radamesgnattali.com.br\/en\/fotos-em-foco\/fotos-em-foco-63\/","og_site_name":"Radam\u00e9s Gnattali","article_modified_time":"2022-07-19T17:39:44+00:00","og_image":[{"width":992,"height":774,"url":"https:\/\/radamesgnattali.com.br\/wp-content\/uploads\/2022\/03\/Img48.jpg","type":"image\/jpeg"}],"twitter_card":"summary_large_image","schema":{"@context":"https:\/\/schema.org","@graph":[{"@type":"WebPage","@id":"https:\/\/radamesgnattali.com.br\/en\/fotos-em-foco\/fotos-em-foco-63\/","url":"https:\/\/radamesgnattali.com.br\/en\/fotos-em-foco\/fotos-em-foco-63\/","name":"Fotos em foco 63 - Radam\u00e9s Gnattali","isPartOf":{"@id":"https:\/\/radamesgnattali.com.br\/#website"},"primaryImageOfPage":{"@id":"https:\/\/radamesgnattali.com.br\/en\/fotos-em-foco\/fotos-em-foco-63\/#primaryimage"},"image":{"@id":"https:\/\/radamesgnattali.com.br\/en\/fotos-em-foco\/fotos-em-foco-63\/#primaryimage"},"thumbnailUrl":"https:\/\/radamesgnattali.com.br\/wp-content\/uploads\/2022\/03\/Img48.jpg","datePublished":"2022-04-25T21:19:55+00:00","dateModified":"2022-07-19T17:39:44+00:00","breadcrumb":{"@id":"https:\/\/radamesgnattali.com.br\/en\/fotos-em-foco\/fotos-em-foco-63\/#breadcrumb"},"inLanguage":"en-US","potentialAction":[{"@type":"ReadAction","target":["https:\/\/radamesgnattali.com.br\/en\/fotos-em-foco\/fotos-em-foco-63\/"]}]},{"@type":"ImageObject","inLanguage":"en-US","@id":"https:\/\/radamesgnattali.com.br\/en\/fotos-em-foco\/fotos-em-foco-63\/#primaryimage","url":"https:\/\/radamesgnattali.com.br\/wp-content\/uploads\/2022\/03\/Img48.jpg","contentUrl":"https:\/\/radamesgnattali.com.br\/wp-content\/uploads\/2022\/03\/Img48.jpg","width":992,"height":774,"caption":"Foto-divulga\u00e7\u00e3o do concerto realizado em 1\u00ba de mar\u00e7o de 1980, em comemora\u00e7\u00e3o ao anivers\u00e1rio da cidade do Rio de Janeiro, na escadaria da C\u00e2mara Municipal, na Cinel\u00e2ndia. Maria Lucia Godoy (soprano), maestro Radam\u00e9s Gnattali, o bandolinista Joel Nascimento, m\u00fasicos da Camerata Carioca, o m\u00fasico Ari Sperling e a pianista Neuza Prado. Foto: arquivo Funarte."},{"@type":"BreadcrumbList","@id":"https:\/\/radamesgnattali.com.br\/en\/fotos-em-foco\/fotos-em-foco-63\/#breadcrumb","itemListElement":[{"@type":"ListItem","position":1,"name":"In\u00edcio","item":"https:\/\/radamesgnattali.com.br\/en\/"},{"@type":"ListItem","position":2,"name":"Fotos: Em foco","item":"https:\/\/radamesgnattali.com.br\/fotos-em-foco\/"},{"@type":"ListItem","position":3,"name":"Fotos em foco 63"}]},{"@type":"WebSite","@id":"https:\/\/radamesgnattali.com.br\/#website","url":"https:\/\/radamesgnattali.com.br\/","name":"Radam\u00e9s Gnattali","description":"","potentialAction":[{"@type":"SearchAction","target":{"@type":"EntryPoint","urlTemplate":"https:\/\/radamesgnattali.com.br\/?s={search_term_string}"},"query-input":{"@type":"PropertyValueSpecification","valueRequired":true,"valueName":"search_term_string"}}],"inLanguage":"en-US"}]}},"_links":{"self":[{"href":"https:\/\/radamesgnattali.com.br\/en\/wp-json\/wp\/v2\/fotos-em-foco\/8475","targetHints":{"allow":["GET"]}}],"collection":[{"href":"https:\/\/radamesgnattali.com.br\/en\/wp-json\/wp\/v2\/fotos-em-foco"}],"about":[{"href":"https:\/\/radamesgnattali.com.br\/en\/wp-json\/wp\/v2\/types\/fotos-em-foco"}],"wp:featuredmedia":[{"embeddable":true,"href":"https:\/\/radamesgnattali.com.br\/en\/wp-json\/wp\/v2\/media\/7399"}],"wp:attachment":[{"href":"https:\/\/radamesgnattali.com.br\/en\/wp-json\/wp\/v2\/media?parent=8475"}],"curies":[{"name":"wp","href":"https:\/\/api.w.org\/{rel}","templated":true}]}}