{"id":8472,"date":"2022-04-25T21:20:30","date_gmt":"2022-04-25T21:20:30","guid":{"rendered":"https:\/\/radamesgnattali.com.br\/fotos-em-foco\/fotos-em-foco-66\/"},"modified":"2022-07-19T17:39:39","modified_gmt":"2022-07-19T17:39:39","slug":"fotos-em-foco-66","status":"publish","type":"fotos-em-foco","link":"https:\/\/radamesgnattali.com.br\/en\/fotos-em-foco\/fotos-em-foco-66\/","title":{"rendered":"Fotos em foco 66"},"featured_media":7396,"template":"","class_list":["post-8472","fotos-em-foco","type-fotos-em-foco","status-publish","has-post-thumbnail","hentry"],"yoast_head":"<!-- This site is optimized with the Yoast SEO plugin v27.2 - https:\/\/yoast.com\/product\/yoast-seo-wordpress\/ -->\n<title>Fotos em foco 66 - Radam\u00e9s Gnattali<\/title>\n<meta name=\"robots\" content=\"index, follow, max-snippet:-1, max-image-preview:large, max-video-preview:-1\" \/>\n<link rel=\"canonical\" href=\"https:\/\/radamesgnattali.com.br\/en\/fotos-em-foco\/fotos-em-foco-66\/\" \/>\n<meta property=\"og:locale\" content=\"en_US\" \/>\n<meta property=\"og:type\" content=\"article\" \/>\n<meta property=\"og:title\" content=\"Fotos em foco 66 - Radam\u00e9s Gnattali\" \/>\n<meta property=\"og:url\" content=\"https:\/\/radamesgnattali.com.br\/en\/fotos-em-foco\/fotos-em-foco-66\/\" \/>\n<meta property=\"og:site_name\" content=\"Radam\u00e9s Gnattali\" \/>\n<meta property=\"article:modified_time\" content=\"2022-07-19T17:39:39+00:00\" \/>\n<meta property=\"og:image\" content=\"https:\/\/radamesgnattali.com.br\/wp-content\/uploads\/2022\/03\/3-3.png\" \/>\n\t<meta property=\"og:image:width\" content=\"1585\" \/>\n\t<meta property=\"og:image:height\" content=\"1012\" \/>\n\t<meta property=\"og:image:type\" content=\"image\/png\" \/>\n<meta name=\"twitter:card\" content=\"summary_large_image\" \/>\n<script type=\"application\/ld+json\" class=\"yoast-schema-graph\">{\"@context\":\"https:\/\/schema.org\",\"@graph\":[{\"@type\":\"WebPage\",\"@id\":\"https:\/\/radamesgnattali.com.br\/en\/fotos-em-foco\/fotos-em-foco-66\/\",\"url\":\"https:\/\/radamesgnattali.com.br\/en\/fotos-em-foco\/fotos-em-foco-66\/\",\"name\":\"Fotos em foco 66 - Radam\u00e9s Gnattali\",\"isPartOf\":{\"@id\":\"https:\/\/radamesgnattali.com.br\/#website\"},\"primaryImageOfPage\":{\"@id\":\"https:\/\/radamesgnattali.com.br\/en\/fotos-em-foco\/fotos-em-foco-66\/#primaryimage\"},\"image\":{\"@id\":\"https:\/\/radamesgnattali.com.br\/en\/fotos-em-foco\/fotos-em-foco-66\/#primaryimage\"},\"thumbnailUrl\":\"https:\/\/radamesgnattali.com.br\/wp-content\/uploads\/2022\/03\/3-3.png\",\"datePublished\":\"2022-04-25T21:20:30+00:00\",\"dateModified\":\"2022-07-19T17:39:39+00:00\",\"breadcrumb\":{\"@id\":\"https:\/\/radamesgnattali.com.br\/en\/fotos-em-foco\/fotos-em-foco-66\/#breadcrumb\"},\"inLanguage\":\"en-US\",\"potentialAction\":[{\"@type\":\"ReadAction\",\"target\":[\"https:\/\/radamesgnattali.com.br\/en\/fotos-em-foco\/fotos-em-foco-66\/\"]}]},{\"@type\":\"ImageObject\",\"inLanguage\":\"en-US\",\"@id\":\"https:\/\/radamesgnattali.com.br\/en\/fotos-em-foco\/fotos-em-foco-66\/#primaryimage\",\"url\":\"https:\/\/radamesgnattali.com.br\/wp-content\/uploads\/2022\/03\/3-3.png\",\"contentUrl\":\"https:\/\/radamesgnattali.com.br\/wp-content\/uploads\/2022\/03\/3-3.png\",\"width\":1585,\"height\":1012,\"caption\":\"Acordava com o dia amanhecendo e ecrevia m\u00fasica at\u00e9 o meio-dia. Inicava pela m\u00fasica de concerto, o que estivesse compondo: 'Se n\u00e3o sa\u00eda nada, mudava de assunto e ia pros arranjos do dia. Nunca escrevi nada de tarde'. Fazia a sesta depois do almo\u00e7o ouvindo, baixinho, a r\u00e1dio Minist\u00e9rio da Educa\u00e7\u00e3o. A tarde era reservada para ensaios, grava\u00e7\u00e3o de programas na R\u00e1dio MEC e, quando sobrava tempo, um chope com os amigos. \u00c0 noite participava como pianista ou regente em programas da R\u00e1dio Nacional ou em concertos, como int\u00e9rprete de suas pr\u00f3prias obras. Foto: Wilton Montenegro\"},{\"@type\":\"BreadcrumbList\",\"@id\":\"https:\/\/radamesgnattali.com.br\/en\/fotos-em-foco\/fotos-em-foco-66\/#breadcrumb\",\"itemListElement\":[{\"@type\":\"ListItem\",\"position\":1,\"name\":\"In\u00edcio\",\"item\":\"https:\/\/radamesgnattali.com.br\/en\/\"},{\"@type\":\"ListItem\",\"position\":2,\"name\":\"Fotos: Em foco\",\"item\":\"https:\/\/radamesgnattali.com.br\/fotos-em-foco\/\"},{\"@type\":\"ListItem\",\"position\":3,\"name\":\"Fotos em foco 66\"}]},{\"@type\":\"WebSite\",\"@id\":\"https:\/\/radamesgnattali.com.br\/#website\",\"url\":\"https:\/\/radamesgnattali.com.br\/\",\"name\":\"Radam\u00e9s Gnattali\",\"description\":\"\",\"potentialAction\":[{\"@type\":\"SearchAction\",\"target\":{\"@type\":\"EntryPoint\",\"urlTemplate\":\"https:\/\/radamesgnattali.com.br\/?s={search_term_string}\"},\"query-input\":{\"@type\":\"PropertyValueSpecification\",\"valueRequired\":true,\"valueName\":\"search_term_string\"}}],\"inLanguage\":\"en-US\"}]}<\/script>\n<!-- \/ Yoast SEO plugin. -->","yoast_head_json":{"title":"Fotos em foco 66 - Radam\u00e9s Gnattali","robots":{"index":"index","follow":"follow","max-snippet":"max-snippet:-1","max-image-preview":"max-image-preview:large","max-video-preview":"max-video-preview:-1"},"canonical":"https:\/\/radamesgnattali.com.br\/en\/fotos-em-foco\/fotos-em-foco-66\/","og_locale":"en_US","og_type":"article","og_title":"Fotos em foco 66 - Radam\u00e9s Gnattali","og_url":"https:\/\/radamesgnattali.com.br\/en\/fotos-em-foco\/fotos-em-foco-66\/","og_site_name":"Radam\u00e9s Gnattali","article_modified_time":"2022-07-19T17:39:39+00:00","og_image":[{"width":1585,"height":1012,"url":"https:\/\/radamesgnattali.com.br\/wp-content\/uploads\/2022\/03\/3-3.png","type":"image\/png"}],"twitter_card":"summary_large_image","schema":{"@context":"https:\/\/schema.org","@graph":[{"@type":"WebPage","@id":"https:\/\/radamesgnattali.com.br\/en\/fotos-em-foco\/fotos-em-foco-66\/","url":"https:\/\/radamesgnattali.com.br\/en\/fotos-em-foco\/fotos-em-foco-66\/","name":"Fotos em foco 66 - Radam\u00e9s Gnattali","isPartOf":{"@id":"https:\/\/radamesgnattali.com.br\/#website"},"primaryImageOfPage":{"@id":"https:\/\/radamesgnattali.com.br\/en\/fotos-em-foco\/fotos-em-foco-66\/#primaryimage"},"image":{"@id":"https:\/\/radamesgnattali.com.br\/en\/fotos-em-foco\/fotos-em-foco-66\/#primaryimage"},"thumbnailUrl":"https:\/\/radamesgnattali.com.br\/wp-content\/uploads\/2022\/03\/3-3.png","datePublished":"2022-04-25T21:20:30+00:00","dateModified":"2022-07-19T17:39:39+00:00","breadcrumb":{"@id":"https:\/\/radamesgnattali.com.br\/en\/fotos-em-foco\/fotos-em-foco-66\/#breadcrumb"},"inLanguage":"en-US","potentialAction":[{"@type":"ReadAction","target":["https:\/\/radamesgnattali.com.br\/en\/fotos-em-foco\/fotos-em-foco-66\/"]}]},{"@type":"ImageObject","inLanguage":"en-US","@id":"https:\/\/radamesgnattali.com.br\/en\/fotos-em-foco\/fotos-em-foco-66\/#primaryimage","url":"https:\/\/radamesgnattali.com.br\/wp-content\/uploads\/2022\/03\/3-3.png","contentUrl":"https:\/\/radamesgnattali.com.br\/wp-content\/uploads\/2022\/03\/3-3.png","width":1585,"height":1012,"caption":"Acordava com o dia amanhecendo e ecrevia m\u00fasica at\u00e9 o meio-dia. Inicava pela m\u00fasica de concerto, o que estivesse compondo: 'Se n\u00e3o sa\u00eda nada, mudava de assunto e ia pros arranjos do dia. Nunca escrevi nada de tarde'. Fazia a sesta depois do almo\u00e7o ouvindo, baixinho, a r\u00e1dio Minist\u00e9rio da Educa\u00e7\u00e3o. A tarde era reservada para ensaios, grava\u00e7\u00e3o de programas na R\u00e1dio MEC e, quando sobrava tempo, um chope com os amigos. \u00c0 noite participava como pianista ou regente em programas da R\u00e1dio Nacional ou em concertos, como int\u00e9rprete de suas pr\u00f3prias obras. Foto: Wilton Montenegro"},{"@type":"BreadcrumbList","@id":"https:\/\/radamesgnattali.com.br\/en\/fotos-em-foco\/fotos-em-foco-66\/#breadcrumb","itemListElement":[{"@type":"ListItem","position":1,"name":"In\u00edcio","item":"https:\/\/radamesgnattali.com.br\/en\/"},{"@type":"ListItem","position":2,"name":"Fotos: Em foco","item":"https:\/\/radamesgnattali.com.br\/fotos-em-foco\/"},{"@type":"ListItem","position":3,"name":"Fotos em foco 66"}]},{"@type":"WebSite","@id":"https:\/\/radamesgnattali.com.br\/#website","url":"https:\/\/radamesgnattali.com.br\/","name":"Radam\u00e9s Gnattali","description":"","potentialAction":[{"@type":"SearchAction","target":{"@type":"EntryPoint","urlTemplate":"https:\/\/radamesgnattali.com.br\/?s={search_term_string}"},"query-input":{"@type":"PropertyValueSpecification","valueRequired":true,"valueName":"search_term_string"}}],"inLanguage":"en-US"}]}},"_links":{"self":[{"href":"https:\/\/radamesgnattali.com.br\/en\/wp-json\/wp\/v2\/fotos-em-foco\/8472","targetHints":{"allow":["GET"]}}],"collection":[{"href":"https:\/\/radamesgnattali.com.br\/en\/wp-json\/wp\/v2\/fotos-em-foco"}],"about":[{"href":"https:\/\/radamesgnattali.com.br\/en\/wp-json\/wp\/v2\/types\/fotos-em-foco"}],"wp:featuredmedia":[{"embeddable":true,"href":"https:\/\/radamesgnattali.com.br\/en\/wp-json\/wp\/v2\/media\/7396"}],"wp:attachment":[{"href":"https:\/\/radamesgnattali.com.br\/en\/wp-json\/wp\/v2\/media?parent=8472"}],"curies":[{"name":"wp","href":"https:\/\/api.w.org\/{rel}","templated":true}]}}