{"version":"1.0","provider_name":"Radam\u00e9s Gnattali","provider_url":"https:\/\/radamesgnattali.com.br\/en\/","author_name":"Roberto Gnattali","author_url":"https:\/\/radamesgnattali.com.br\/en\/author\/gnattali-robertogmail-com\/","title":"1958. QUEM ROUBOU O MEU SAMBA - Radam\u00e9s Gnattali","type":"rich","width":600,"height":338,"html":"<blockquote class=\"wp-embedded-content\" data-secret=\"hHLE8rOWjx\"><a href=\"https:\/\/radamesgnattali.com.br\/en\/musica-em-cena\/1958-quem-roubou-o-meu-samba\/\">1958. QUEM ROUBOU O MEU SAMBA<\/a><\/blockquote><iframe sandbox=\"allow-scripts\" security=\"restricted\" src=\"https:\/\/radamesgnattali.com.br\/en\/musica-em-cena\/1958-quem-roubou-o-meu-samba\/embed\/#?secret=hHLE8rOWjx\" width=\"600\" height=\"338\" title=\"&#8220;1958. QUEM ROUBOU O MEU SAMBA&#8221; &#8212; Radam\u00e9s Gnattali\" data-secret=\"hHLE8rOWjx\" frameborder=\"0\" marginwidth=\"0\" marginheight=\"0\" scrolling=\"no\" class=\"wp-embedded-content\"><\/iframe><script>\n\/*! This file is auto-generated *\/\n!function(d,l){\"use strict\";l.querySelector&&d.addEventListener&&\"undefined\"!=typeof URL&&(d.wp=d.wp||{},d.wp.receiveEmbedMessage||(d.wp.receiveEmbedMessage=function(e){var t=e.data;if((t||t.secret||t.message||t.value)&&!\/[^a-zA-Z0-9]\/.test(t.secret)){for(var s,r,n,a=l.querySelectorAll('iframe[data-secret=\"'+t.secret+'\"]'),o=l.querySelectorAll('blockquote[data-secret=\"'+t.secret+'\"]'),c=new RegExp(\"^https?:$\",\"i\"),i=0;i<o.length;i++)o[i].style.display=\"none\";for(i=0;i<a.length;i++)s=a[i],e.source===s.contentWindow&&(s.removeAttribute(\"style\"),\"height\"===t.message?(1e3<(r=parseInt(t.value,10))?r=1e3:~~r<200&&(r=200),s.height=r):\"link\"===t.message&&(r=new URL(s.getAttribute(\"src\")),n=new URL(t.value),c.test(n.protocol))&&n.host===r.host&&l.activeElement===s&&(d.top.location.href=t.value))}},d.addEventListener(\"message\",d.wp.receiveEmbedMessage,!1),l.addEventListener(\"DOMContentLoaded\",function(){for(var e,t,s=l.querySelectorAll(\"iframe.wp-embedded-content\"),r=0;r<s.length;r++)(t=(e=s[r]).getAttribute(\"data-secret\"))||(t=Math.random().toString(36).substring(2,12),e.src+=\"#?secret=\"+t,e.setAttribute(\"data-secret\",t)),e.contentWindow.postMessage({message:\"ready\",secret:t},\"*\")},!1)))}(window,document);\n\/\/# sourceURL=https:\/\/radamesgnattali.com.br\/wp-includes\/js\/wp-embed.min.js\n<\/script>\n","thumbnail_url":"https:\/\/radamesgnattali.com.br\/wp-content\/uploads\/2022\/02\/QUEM-ROUBOU-MEU-SAMBA-CN_0413.jpg","thumbnail_width":365,"thumbnail_height":550,"description":"Directed by: Jos\u00e9 Carlos Burle Musical direction by H\u00e9lio Barrozo Netto Background music: Radam\u00e9s Gnattali Songs: \u201cFantasia nordestina\u201d \u2013 Musical arragement by Vicente Paiva about the motives of the song \u201cBai\u00e3o\u201d by Luiz Gonzaga and Humberto Teixeira and the folk northeastern melody \u201cMui\u00e9 Rendera\u201d, with Jackson do Pandeiro, Almira and choir. Starring, Ankito. Source: A [&hellip;]"}